{"version":"1.0","provider_name":"Le petit septi\u00e8me","provider_url":"https:\/\/lepetitseptieme.ca\/en\/","author_name":"Denis Lambert","author_url":"https:\/\/lepetitseptieme.ca\/en\/author\/denis\/","title":"On Air \u2013 The Voice of the Voiceless Ones - Le petit septi\u00e8me","type":"rich","width":600,"height":338,"html":"<blockquote class=\"wp-embedded-content\" data-secret=\"AhSycnrQZ3\"><a href=\"https:\/\/lepetitseptieme.ca\/en\/2019\/09\/28\/on-air-the-voice-of-the-voiceless-ones\/\">On Air \u2013 The Voice of the Voiceless Ones<\/a><\/blockquote><iframe sandbox=\"allow-scripts\" security=\"restricted\" src=\"https:\/\/lepetitseptieme.ca\/en\/2019\/09\/28\/on-air-the-voice-of-the-voiceless-ones\/embed\/#?secret=AhSycnrQZ3\" width=\"600\" height=\"338\" title=\"&#8220;On Air \u2013 The Voice of the Voiceless Ones&#8221; &#8212; Le petit septi\u00e8me\" data-secret=\"AhSycnrQZ3\" frameborder=\"0\" marginwidth=\"0\" marginheight=\"0\" scrolling=\"no\" class=\"wp-embedded-content\"><\/iframe><script>\n\/*! This file is auto-generated *\/\n!function(d,l){\"use strict\";l.querySelector&&d.addEventListener&&\"undefined\"!=typeof URL&&(d.wp=d.wp||{},d.wp.receiveEmbedMessage||(d.wp.receiveEmbedMessage=function(e){var t=e.data;if((t||t.secret||t.message||t.value)&&!\/[^a-zA-Z0-9]\/.test(t.secret)){for(var s,r,n,a=l.querySelectorAll('iframe[data-secret=\"'+t.secret+'\"]'),o=l.querySelectorAll('blockquote[data-secret=\"'+t.secret+'\"]'),c=new RegExp(\"^https?:$\",\"i\"),i=0;i<o.length;i++)o[i].style.display=\"none\";for(i=0;i<a.length;i++)s=a[i],e.source===s.contentWindow&&(s.removeAttribute(\"style\"),\"height\"===t.message?(1e3<(r=parseInt(t.value,10))?r=1e3:~~r<200&&(r=200),s.height=r):\"link\"===t.message&&(r=new URL(s.getAttribute(\"src\")),n=new URL(t.value),c.test(n.protocol))&&n.host===r.host&&l.activeElement===s&&(d.top.location.href=t.value))}},d.addEventListener(\"message\",d.wp.receiveEmbedMessage,!1),l.addEventListener(\"DOMContentLoaded\",function(){for(var e,t,s=l.querySelectorAll(\"iframe.wp-embedded-content\"),r=0;r<s.length;r++)(t=(e=s[r]).getAttribute(\"data-secret\"))||(t=Math.random().toString(36).substring(2,12),e.src+=\"#?secret=\"+t,e.setAttribute(\"data-secret\",t)),e.contentWindow.postMessage({message:\"ready\",secret:t},\"*\")},!1)))}(window,document);\n\/\/# sourceURL=https:\/\/lepetitseptieme.ca\/wp-includes\/js\/wp-embed.min.js\n<\/script>\n","thumbnail_url":"https:\/\/lepetitseptieme.ca\/wp-content\/uploads\/2019\/09\/On-air-une.jpg","thumbnail_width":1920,"thumbnail_height":1080,"description":"Ce documentaire-r\u00e9alit\u00e9 nous montre la rue prise d\u2019assaut par les partisans de Bob qui veulent s\u2019assurer que le pr\u00e9sident Nkurunziza ne brigue pas un troisi\u00e8me mandat, ce qui contreviendrait \u00e0 la constitution du pays. Avec ce film, Manno Lanssens met la lumi\u00e8re sur la radio RPA, que l\u2019on surnomme \u00ab La voix des sans voix \u00bb."}